{"id":40,"date":"2017-05-23T10:20:50","date_gmt":"2017-05-23T10:20:50","guid":{"rendered":"http:\/\/artemisat2.ulpgc.es\/?page_id=40"},"modified":"2019-11-19T12:50:59","modified_gmt":"2019-11-19T12:50:59","slug":"divulgacion","status":"publish","type":"page","link":"https:\/\/artemisat2.ulpgc.es\/?page_id=40","title":{"rendered":"DIVULGACI\u00d3N"},"content":{"rendered":"<h2><span style=\"color: #000080;\">ULPGC<\/span><\/h2>\n<p><a href=\"http:\/\/artemisat2.ulpgc.es\/wp-content\/uploads\/2017\/10\/slider_el_digital-1.jpg\"><img loading=\"lazy\" class=\"alignnone wp-image-741\" src=\"http:\/\/artemisat2.ulpgc.es\/wp-content\/uploads\/2017\/10\/slider_el_digital-1.jpg\" alt=\"RGB ba\u0301sico\" width=\"246\" height=\"117\"><\/a><\/p>\n<p style=\"text-align: left;\"><span dir=\"ltr\"><span style=\"color: black; font-family: Calibri,Arial,Helvetica,sans-serif; font-size: medium;\"><a id=\"LPlnk206554\" href=\"http:\/\/www.eldigital.ulpgc.es\/index.php?option=com_content&amp;task=view&amp;id=2030&amp;Itemid=1&amp;ed=105\" target=\"_blank\" rel=\"noopener\">M\u00e1s de 1,7 millones de euros &#8216;espa\u00f1oles&#8217; para la investigaci\u00f3n de la ULPGC<\/a><\/span><\/span><\/p>\n<p style=\"text-align: left;\"><span dir=\"ltr\"><span style=\"color: black; font-family: Calibri,Arial,Helvetica,sans-serif; font-size: medium;\"><a id=\"LPlnk206554\" href=\"http:\/\/www.eldigital.ulpgc.es\/index.php?option=com_content&amp;task=view&amp;id=2118&amp;Itemid=1&amp;ed=110\" target=\"_blank\" rel=\"noopener\">Los vigilantes del Medio Ambiente<\/a><\/span><\/span><\/p>\n<p style=\"text-align: left;\"><span dir=\"ltr\"><span style=\"color: black; font-family: Calibri,Arial,Helvetica,sans-serif; font-size: medium;\"><a id=\"LPlnk206554\" href=\"https:\/\/www.ulpgc.es\/noticia\/ulpgc-obtiene-financiacion-siete-proyectos-convocatoria-del-programa-estatal-investigacion\/\" target=\"_blank\" rel=\"noopener\">La ULPGC obtiene financiaci\u00f3n para siete proyectos en la convocatoria del Programa Estatal de Investigaci\u00f3n, Desarrollo e Innovaci\u00f3n orientada a los retos de la sociedad<\/a><\/span><\/span><\/p>\n<h2><span style=\"color: #000080;\">Jornadas de Teledetecci\u00f3n 2019<\/span><\/h2>\n<p style=\"text-align: left;\"><span dir=\"ltr\"><span style=\"color: black; font-family: Calibri,Arial,Helvetica,sans-serif; font-size: medium;\"><a href=\"http:\/\/artemisat2.ulpgc.es\/wp-content\/uploads\/2019\/11\/JORNADAS%20DE%20TELEDECCI%C3%93N_def.pdf\" target=\"_blank\" rel=\"noopener\">Jornadas de Teledetecci\u00f3n:&nbsp;tecnolog\u00edas, m\u00e9todos y aplicaciones.<\/a><\/span><\/span><\/p>\n<h2><span style=\"color: #000080;\">Campa\u00f1a 2017<\/span><\/h2>\n<p style=\"text-align: left;\"><span dir=\"ltr\"><span style=\"color: black; font-family: Calibri,Arial,Helvetica,sans-serif; font-size: medium;\"><a id=\"LPlnk206554\" href=\"http:\/\/www.laprovincia.es\/sociedad\/2017\/05\/31\/chequeo-completo-maspalomas-teide\/944705.html\" target=\"_blank\" rel=\"noopener\">La Provincia &#8211; Diario de Las Palmas: Chequeo completo a Maspalomas y Teide<\/a><\/span><\/span><\/p>\n<p style=\"text-align: left;\"><span dir=\"ltr\"><span style=\"color: black; font-family: Calibri,Arial,Helvetica,sans-serif; font-size: medium;\"><a id=\"LPlnk206554\" href=\"http:\/\/www.laopinion.es\/sociedad\/2017\/05\/31\/teide-maspalomas-examen-durante-dias\/780581.html\" target=\"_blank\" rel=\"noopener\">La Opini\u00f3n de Tenerife: El Teide y Maspalomas, a examen durante dos d\u00edas desde el aire y el espacio<\/a><\/span><\/span><\/p>\n<p style=\"text-align: left;\"><span dir=\"ltr\"><span style=\"color: black; font-family: Calibri,Arial,Helvetica,sans-serif; font-size: medium;\"><a id=\"LPlnk206554\" href=\"https:\/\/www.ulpgc.es\/noticia\/primera-observacion-reserva-natural-maspalomas-y-del-parque-nacional-del-teide-traves\" target=\"_blank\" rel=\"noopener\">ULPGC: Primera observaci\u00f3n de la Reserva Natural de Maspalomas y del Parque Nacional del Teide a trav\u00e9s de im\u00e1genes de sat\u00e9lites, aviones y medidas de campo en el marco del Proyecto ARTeMISat<\/a><\/span><\/span><\/p>\n<p style=\"text-align: left;\"><span dir=\"ltr\"><span style=\"color: black; font-family: Calibri,Arial,Helvetica,sans-serif; font-size: medium;\"><a id=\"LPlnk206554\" href=\"http:\/\/iocag.ulpgc.es\/blog\/artemisat-2-project-first-observations-natural-reserve-maspalomas-and-teide-national-park\" target=\"_blank\" rel=\"noopener\">IOCAG: ARTeMISat-2 project: first observations of the Natural Reserve of Maspalomas and the Teide National Park through satellite images, airplanes and field measures<\/a><\/span><\/span><\/p>\n<h2><span style=\"color: #000080;\">Reportajes gr\u00e1ficos<\/span><\/h2>\n<p style=\"text-align: left;\"><span dir=\"ltr\"><span style=\"color: black; font-family: Calibri,Arial,Helvetica,sans-serif; font-size: medium;\"><a id=\"LPlnk206554\" href=\"http:\/\/www.rtve.es\/alacarta\/videos\/telecanarias\/telecanarias-02-06-2017\/4046638\/\" target=\"_blank\" rel=\"noopener\">TVE-Telecanarias &#8211; 02\/06\/2017 (Min. 12:35)<\/a><\/span><\/span><\/p>\n<p style=\"text-align: center;\"><iframe loading=\"lazy\" src=\"https:\/\/www.youtube.com\/embed\/mjesP2SAbPA\" width=\"560\" height=\"315\" frameborder=\"0\" allowfullscreen=\"allowfullscreen\"><\/iframe><\/p>\n<p style=\"text-align: left;\"><span dir=\"ltr\"><span style=\"color: black; font-family: Calibri,Arial,Helvetica,sans-serif; font-size: medium;\"><a id=\"LPlnk206554\" href=\"http:\/\/www.rtve.es\/alacarta\/videos\/telecanarias\/telecanarias-04-06-2017\/4049740\/\" target=\"_blank\" rel=\"noopener\">TVE-Telecanarias &#8211; 04\/06\/2017 (Min. 1:38)<\/a><\/span><\/span><\/p>\n<p style=\"text-align: center;\"><iframe loading=\"lazy\" src=\"https:\/\/www.youtube.com\/embed\/HwVdvJTM3lg\" width=\"560\" height=\"315\" frameborder=\"0\" allowfullscreen=\"allowfullscreen\"><\/iframe><\/p>\n<p><script>\n  (function(i,s,o,g,r,a,m){i['GoogleAnalyticsObject']=r;i[r]=i[r]||function(){\n  (i[r].q=i[r].q||[]).push(arguments)},i[r].l=1*new Date();a=s.createElement(o),\n  m=s.getElementsByTagName(o)[0];a.async=1;a.src=g;m.parentNode.insertBefore(a,m)\n  })(window,document,'script','\/\/www.google-analytics.com\/analytics.js','ga');<\/p>\n<p>  ga('create', 'UA-60992282-1', 'auto');\n  ga('send', 'pageview');<\/p>\n<p><\/script><\/p>\n","protected":false},"excerpt":{"rendered":"<p>ULPGC M\u00e1s de 1,7 millones de euros &#8216;espa\u00f1oles&#8217; para la investigaci\u00f3n de la ULPGC Los vigilantes del Medio Ambiente La ULPGC obtiene financiaci\u00f3n para siete proyectos en la convocatoria del Programa Estatal de Investigaci\u00f3n, Desarrollo e Innovaci\u00f3n orientada a los retos de la sociedad Jornadas de Teledetecci\u00f3n 2019 Jornadas de\u2026 <a class=\"continue-reading-link\" href=\"https:\/\/artemisat2.ulpgc.es\/?page_id=40\">Continue reading<\/a><\/p>\n","protected":false},"author":1,"featured_media":0,"parent":0,"menu_order":0,"comment_status":"closed","ping_status":"closed","template":"","meta":{"ngg_post_thumbnail":0},"_links":{"self":[{"href":"https:\/\/artemisat2.ulpgc.es\/index.php?rest_route=\/wp\/v2\/pages\/40"}],"collection":[{"href":"https:\/\/artemisat2.ulpgc.es\/index.php?rest_route=\/wp\/v2\/pages"}],"about":[{"href":"https:\/\/artemisat2.ulpgc.es\/index.php?rest_route=\/wp\/v2\/types\/page"}],"author":[{"embeddable":true,"href":"https:\/\/artemisat2.ulpgc.es\/index.php?rest_route=\/wp\/v2\/users\/1"}],"replies":[{"embeddable":true,"href":"https:\/\/artemisat2.ulpgc.es\/index.php?rest_route=%2Fwp%2Fv2%2Fcomments&post=40"}],"version-history":[{"count":20,"href":"https:\/\/artemisat2.ulpgc.es\/index.php?rest_route=\/wp\/v2\/pages\/40\/revisions"}],"predecessor-version":[{"id":687,"href":"https:\/\/artemisat2.ulpgc.es\/index.php?rest_route=\/wp\/v2\/pages\/40\/revisions\/687"}],"wp:attachment":[{"href":"https:\/\/artemisat2.ulpgc.es\/index.php?rest_route=%2Fwp%2Fv2%2Fmedia&parent=40"}],"curies":[{"name":"wp","href":"https:\/\/api.w.org\/{rel}","templated":true}]}}